{"id":229,"date":"2016-12-21T13:15:16","date_gmt":"2016-12-21T12:15:16","guid":{"rendered":"http:\/\/as-surques-escoeuilles.fr\/?page_id=229"},"modified":"2016-12-30T09:30:30","modified_gmt":"2016-12-30T08:30:30","slug":"anniversaires","status":"publish","type":"page","link":"https:\/\/as-surques-escoeuilles.fr\/index.php\/anniversaires\/","title":{"rendered":"L&rsquo; ASSE souhaite un &#8230;"},"content":{"rendered":"<div class=\"birthdays-widget  birthdays-tooltip-enabled\"><img style=\"width: 100\" \r\n                    src=\"https:\/\/i0.wp.com\/as-surques-escoeuilles.fr\/wp-content\/plugins\/birthdays-widget\/images\/birthday_cake.png?w=800\" alt=\"birthday_cake\" class=\"aligncenter birthday_wish_image\" data-recalc-dims=\"1\" \/><div class=\"birthday_wish\">Joyeux anniversaire !<\/div><script>\r\n                        jQuery( document ).ready( function() {\r\n                            var monthNames = [ \"janvier\", \"f\u00e9vrier\", \"mars\", \"avril\", \"mai\", \"juin\", \"juillet\", \"ao\u00fbt\", \"septembre\", \"octobre\", \"novembre\", \"d\u00e9cembre\" ];\r\n                            var dayNames = [ \"lun\", \"mar\", \"mer\", \"jeu\", \"ven\", \"sam\", \"dim\" ];\r\n                            var events = [ { date: \"3\/1\/2026\",title: 'Joyeux anniversaire !', color: \"#dd9933\", content: '<img src=\"https:\/\/i0.wp.com\/as-surques-escoeuilles.fr\/wp-content\/plugins\/birthdays-widget\/images\/default_user.png?w=150\" data-recalc-dims=\"1\" \/><div class=\"birthday_center birthday_name\">GOLLIOT Paul<span class=\"birthday_age\"> 26 ans<\/span><\/div>' }, { date: \"4\/1\/2026\",title: 'Joyeux anniversaire !', color: \"#000000\", content: '<img src=\"https:\/\/i0.wp.com\/as-surques-escoeuilles.fr\/wp-content\/plugins\/birthdays-widget\/images\/default_user.png?w=150\" data-recalc-dims=\"1\" \/><div class=\"birthday_center birthday_name\">MERLAND Evan<span class=\"birthday_age\"> 17 ans<\/span><\/div>' }, { date: \"8\/1\/2026\",title: 'Joyeux anniversaire !', color: \"#dd9933\", content: '<img src=\"https:\/\/i0.wp.com\/as-surques-escoeuilles.fr\/wp-content\/plugins\/birthdays-widget\/images\/default_user.png?w=150\" data-recalc-dims=\"1\" \/><div class=\"birthday_center birthday_name\">DEWASMES Steeve<span class=\"birthday_age\"> 43 ans<\/span><\/div>' }, { date: \"14\/1\/2026\",title: 'Joyeux anniversaire !', color: \"#000000\", content: '<img src=\"https:\/\/i0.wp.com\/as-surques-escoeuilles.fr\/wp-content\/plugins\/birthdays-widget\/images\/default_user.png?w=150\" data-recalc-dims=\"1\" \/><div class=\"birthday_center birthday_name\">SPECQ Hugo<span class=\"birthday_age\"> 18 ans<\/span><\/div><img src=\"https:\/\/i0.wp.com\/as-surques-escoeuilles.fr\/wp-content\/plugins\/birthdays-widget\/images\/default_user.png?w=150\" data-recalc-dims=\"1\" \/><div class=\"birthday_center birthday_name\">LEFEBVRE Martin<span class=\"birthday_age\"> 22 ans<\/span><\/div>' }, { date: \"15\/1\/2026\",title: 'Joyeux anniversaire !', color: \"#dd9933\", content: '<img src=\"https:\/\/i0.wp.com\/as-surques-escoeuilles.fr\/wp-content\/plugins\/birthdays-widget\/images\/default_user.png?w=150\" data-recalc-dims=\"1\" \/><div class=\"birthday_center birthday_name\">FORTIN Liam<span class=\"birthday_age\"> 12 ans<\/span><\/div>' }, { date: \"17\/1\/2026\",title: 'Joyeux anniversaire !', color: \"#000000\", content: '<img src=\"https:\/\/i0.wp.com\/as-surques-escoeuilles.fr\/wp-content\/plugins\/birthdays-widget\/images\/default_user.png?w=150\" data-recalc-dims=\"1\" \/><div class=\"birthday_center birthday_name\">COVILLE Bastian<span class=\"birthday_age\"> 18 ans<\/span><\/div>' }, { date: \"18\/1\/2026\",title: 'Joyeux anniversaire !', color: \"#dd9933\", content: '<img src=\"https:\/\/i0.wp.com\/as-surques-escoeuilles.fr\/wp-content\/plugins\/birthdays-widget\/images\/default_user.png?w=150\" data-recalc-dims=\"1\" \/><div class=\"birthday_center birthday_name\">LEPRETRE Jules<span class=\"birthday_age\"> 18 ans<\/span><\/div><img src=\"https:\/\/i0.wp.com\/as-surques-escoeuilles.fr\/wp-content\/plugins\/birthdays-widget\/images\/default_user.png?w=150\" data-recalc-dims=\"1\" \/><div class=\"birthday_center birthday_name\">THOMAS Steeven<span class=\"birthday_age\"> 26 ans<\/span><\/div>' }, { date: \"19\/1\/2026\",title: 'Joyeux anniversaire !', color: \"#000000\", content: '<img src=\"https:\/\/i0.wp.com\/as-surques-escoeuilles.fr\/wp-content\/plugins\/birthdays-widget\/images\/default_user.png?w=150\" data-recalc-dims=\"1\" \/><div class=\"birthday_center birthday_name\">PINOT Alexis<span class=\"birthday_age\"> 21 ans<\/span><\/div>' }, { date: \"22\/1\/2026\",title: 'Joyeux anniversaire !', color: \"#dd9933\", content: '<img src=\"https:\/\/i0.wp.com\/as-surques-escoeuilles.fr\/wp-content\/plugins\/birthdays-widget\/images\/default_user.png?w=150\" data-recalc-dims=\"1\" \/><div class=\"birthday_center birthday_name\">WILBAL Antoine<span class=\"birthday_age\"> 39 ans<\/span><\/div>' }, { date: \"23\/1\/2026\",title: 'Joyeux anniversaire !', color: \"#000000\", content: '<img src=\"https:\/\/i0.wp.com\/as-surques-escoeuilles.fr\/wp-content\/plugins\/birthdays-widget\/images\/default_user.png?w=150\" data-recalc-dims=\"1\" \/><div class=\"birthday_center birthday_name\">LEVISSE Gabin<span class=\"birthday_age\"> 14 ans<\/span><\/div>' }, { date: \"24\/1\/2026\",title: 'Joyeux anniversaire !', color: \"#dd9933\", content: '<img src=\"https:\/\/i0.wp.com\/as-surques-escoeuilles.fr\/wp-content\/plugins\/birthdays-widget\/images\/default_user.png?w=150\" data-recalc-dims=\"1\" \/><div class=\"birthday_center birthday_name\">LEMAIRE Jefferson<span class=\"birthday_age\"> 26 ans<\/span><\/div><img src=\"https:\/\/i0.wp.com\/as-surques-escoeuilles.fr\/wp-content\/plugins\/birthdays-widget\/images\/default_user.png?w=150\" data-recalc-dims=\"1\" \/><div class=\"birthday_center birthday_name\">LAMARE Jules<span class=\"birthday_age\"> 19 ans<\/span><\/div>' }, { date: \"28\/1\/2026\",title: 'Joyeux anniversaire !', color: \"#000000\", content: '<img src=\"https:\/\/i0.wp.com\/as-surques-escoeuilles.fr\/wp-content\/plugins\/birthdays-widget\/images\/default_user.png?w=150\" data-recalc-dims=\"1\" \/><div class=\"birthday_center birthday_name\">LELEU Mahe<span class=\"birthday_age\"> 15 ans<\/span><\/div>' }, { date: \"29\/1\/2026\",title: 'Joyeux anniversaire !', color: \"#dd9933\", content: '<img src=\"https:\/\/i0.wp.com\/as-surques-escoeuilles.fr\/wp-content\/plugins\/birthdays-widget\/images\/default_user.png?w=150\" data-recalc-dims=\"1\" \/><div class=\"birthday_center birthday_name\">LANNOY Vincent<span class=\"birthday_age\"> 52 ans<\/span><\/div>' }, { date: \"1\/2\/2026\",title: 'Joyeux anniversaire !', color: \"#000000\", content: '<img src=\"https:\/\/i0.wp.com\/as-surques-escoeuilles.fr\/wp-content\/plugins\/birthdays-widget\/images\/default_user.png?w=150\" data-recalc-dims=\"1\" \/><div class=\"birthday_center birthday_name\">HAVART Hugo<span class=\"birthday_age\"> 18 ans<\/span><\/div><img src=\"https:\/\/i0.wp.com\/as-surques-escoeuilles.fr\/wp-content\/plugins\/birthdays-widget\/images\/default_user.png?w=150\" data-recalc-dims=\"1\" \/><div class=\"birthday_center birthday_name\">HAVART Meline<span class=\"birthday_age\"> 18 ans<\/span><\/div>' }, { date: \"2\/2\/2026\",title: 'Joyeux anniversaire !', color: \"#dd9933\", content: '<img src=\"https:\/\/i0.wp.com\/as-surques-escoeuilles.fr\/wp-content\/plugins\/birthdays-widget\/images\/default_user.png?w=150\" data-recalc-dims=\"1\" \/><div class=\"birthday_center birthday_name\">FOURNIER Loic<span class=\"birthday_age\"> 25 ans<\/span><\/div>' }, { date: \"7\/2\/2026\",title: 'Joyeux anniversaire !', color: \"#000000\", content: '<img src=\"https:\/\/i0.wp.com\/as-surques-escoeuilles.fr\/wp-content\/plugins\/birthdays-widget\/images\/default_user.png?w=150\" data-recalc-dims=\"1\" \/><div class=\"birthday_center birthday_name\">BAY Romaric<span class=\"birthday_age\"> 21 ans<\/span><\/div>' }, { date: \"9\/2\/2026\",title: 'Joyeux anniversaire !', color: \"#dd9933\", content: '<img src=\"https:\/\/i0.wp.com\/as-surques-escoeuilles.fr\/wp-content\/plugins\/birthdays-widget\/images\/default_user.png?w=150\" data-recalc-dims=\"1\" \/><div class=\"birthday_center birthday_name\">CAZIN Francis<span class=\"birthday_age\"> 71 ans<\/span><\/div>' }, { date: \"10\/2\/2026\",title: 'Joyeux anniversaire !', color: \"#000000\", content: '<img src=\"https:\/\/i0.wp.com\/as-surques-escoeuilles.fr\/wp-content\/plugins\/birthdays-widget\/images\/default_user.png?w=150\" data-recalc-dims=\"1\" \/><div class=\"birthday_center birthday_name\">DEWASMES Tom<span class=\"birthday_age\"> 14 ans<\/span><\/div>' }, { date: \"15\/2\/2026\",title: 'Joyeux anniversaire !', color: \"#dd9933\", content: '<img src=\"https:\/\/i0.wp.com\/as-surques-escoeuilles.fr\/wp-content\/plugins\/birthdays-widget\/images\/default_user.png?w=150\" data-recalc-dims=\"1\" \/><div class=\"birthday_center birthday_name\">HAVART Helene<span class=\"birthday_age\"> 44 ans<\/span><\/div><img src=\"https:\/\/i0.wp.com\/as-surques-escoeuilles.fr\/wp-content\/plugins\/birthdays-widget\/images\/default_user.png?w=150\" data-recalc-dims=\"1\" \/><div class=\"birthday_center birthday_name\">SPECQ Sebastien<span class=\"birthday_age\"> 48 ans<\/span><\/div><img src=\"https:\/\/i0.wp.com\/as-surques-escoeuilles.fr\/wp-content\/plugins\/birthdays-widget\/images\/default_user.png?w=150\" data-recalc-dims=\"1\" \/><div class=\"birthday_center birthday_name\">LEMPIRE Raphael<span class=\"birthday_age\"> 21 ans<\/span><\/div>' }, { date: \"16\/2\/2026\",title: 'Joyeux anniversaire !', color: \"#000000\", content: '<img src=\"https:\/\/i0.wp.com\/as-surques-escoeuilles.fr\/wp-content\/plugins\/birthdays-widget\/images\/default_user.png?w=150\" data-recalc-dims=\"1\" \/><div class=\"birthday_center birthday_name\">ROBASSE Fabrice<span class=\"birthday_age\"> 34 ans<\/span><\/div>' }, { date: \"19\/2\/2026\",title: 'Joyeux anniversaire !', color: \"#dd9933\", content: '<img src=\"https:\/\/i0.wp.com\/as-surques-escoeuilles.fr\/wp-content\/plugins\/birthdays-widget\/images\/default_user.png?w=150\" data-recalc-dims=\"1\" \/><div class=\"birthday_center birthday_name\">VIGNERON Charly<span class=\"birthday_age\"> 35 ans<\/span><\/div>' }, { date: \"25\/2\/2026\",title: 'Joyeux anniversaire !', color: \"#000000\", content: '<img src=\"https:\/\/i0.wp.com\/as-surques-escoeuilles.fr\/wp-content\/plugins\/birthdays-widget\/images\/default_user.png?w=150\" data-recalc-dims=\"1\" \/><div class=\"birthday_center birthday_name\">CLEMENT Laurie<span class=\"birthday_age\"> 32 ans<\/span><\/div><img src=\"https:\/\/i0.wp.com\/as-surques-escoeuilles.fr\/wp-content\/plugins\/birthdays-widget\/images\/default_user.png?w=150\" data-recalc-dims=\"1\" \/><div class=\"birthday_center birthday_name\">CLEMENT Laurie<span class=\"birthday_age\"> 32 ans<\/span><\/div>' }, { date: \"1\/3\/2026\",title: 'Joyeux anniversaire !', color: \"#dd9933\", content: '<img src=\"https:\/\/i0.wp.com\/as-surques-escoeuilles.fr\/wp-content\/plugins\/birthdays-widget\/images\/default_user.png?w=150\" data-recalc-dims=\"1\" \/><div class=\"birthday_center birthday_name\">CAUDROIT Lino<span class=\"birthday_age\"> 17 ans<\/span><\/div><img src=\"https:\/\/i0.wp.com\/as-surques-escoeuilles.fr\/wp-content\/plugins\/birthdays-widget\/images\/default_user.png?w=150\" data-recalc-dims=\"1\" \/><div class=\"birthday_center birthday_name\">DESOMBRE Maxime<span class=\"birthday_age\"> 34 ans<\/span><\/div>' }, { date: \"4\/3\/2026\",title: 'Joyeux anniversaire !', color: \"#000000\", content: '<img src=\"https:\/\/i0.wp.com\/as-surques-escoeuilles.fr\/wp-content\/plugins\/birthdays-widget\/images\/default_user.png?w=150\" data-recalc-dims=\"1\" \/><div class=\"birthday_center birthday_name\">DUFOUR Eloi<span class=\"birthday_age\"> 16 ans<\/span><\/div>' }, { date: \"8\/3\/2026\",title: 'Joyeux anniversaire !', color: \"#dd9933\", content: '<img src=\"https:\/\/i0.wp.com\/as-surques-escoeuilles.fr\/wp-content\/plugins\/birthdays-widget\/images\/default_user.png?w=150\" data-recalc-dims=\"1\" \/><div class=\"birthday_center birthday_name\">LENGAGNE Marjorie<span class=\"birthday_age\"> 41 ans<\/span><\/div>' }, { date: \"10\/3\/2026\",title: 'Joyeux anniversaire !', color: \"#000000\", content: '<img src=\"https:\/\/i0.wp.com\/as-surques-escoeuilles.fr\/wp-content\/plugins\/birthdays-widget\/images\/default_user.png?w=150\" data-recalc-dims=\"1\" \/><div class=\"birthday_center birthday_name\">CARON Eliott<span class=\"birthday_age\"> 16 ans<\/span><\/div>' }, { date: \"13\/3\/2026\",title: 'Joyeux anniversaire !', color: \"#dd9933\", content: '<img src=\"https:\/\/i0.wp.com\/as-surques-escoeuilles.fr\/wp-content\/plugins\/birthdays-widget\/images\/default_user.png?w=150\" data-recalc-dims=\"1\" \/><div class=\"birthday_center birthday_name\">PINOT Nicolas<span class=\"birthday_age\"> 24 ans<\/span><\/div>' }, { date: \"14\/3\/2026\",title: 'Joyeux anniversaire !', color: \"#000000\", content: '<img src=\"https:\/\/i0.wp.com\/as-surques-escoeuilles.fr\/wp-content\/plugins\/birthdays-widget\/images\/default_user.png?w=150\" data-recalc-dims=\"1\" \/><div class=\"birthday_center birthday_name\">LEROY MIGNOT Thibault<span class=\"birthday_age\"> 38 ans<\/span><\/div>' }, { date: \"16\/3\/2026\",title: 'Joyeux anniversaire !', color: \"#dd9933\", content: '<img src=\"https:\/\/i0.wp.com\/as-surques-escoeuilles.fr\/wp-content\/plugins\/birthdays-widget\/images\/default_user.png?w=150\" data-recalc-dims=\"1\" \/><div class=\"birthday_center birthday_name\">ROBASSE Daniel<span class=\"birthday_age\"> 71 ans<\/span><\/div>' }, { date: \"17\/3\/2026\",title: 'Joyeux anniversaire !', color: \"#000000\", content: '<img src=\"https:\/\/i0.wp.com\/as-surques-escoeuilles.fr\/wp-content\/plugins\/birthdays-widget\/images\/default_user.png?w=150\" data-recalc-dims=\"1\" \/><div class=\"birthday_center birthday_name\">LAURENT Enzo<span class=\"birthday_age\"> 14 ans<\/span><\/div><img src=\"https:\/\/i0.wp.com\/as-surques-escoeuilles.fr\/wp-content\/plugins\/birthdays-widget\/images\/default_user.png?w=150\" data-recalc-dims=\"1\" \/><div class=\"birthday_center birthday_name\">DESFACHELLES Dylan<span class=\"birthday_age\"> 25 ans<\/span><\/div>' }, { date: \"18\/3\/2026\",title: 'Joyeux anniversaire !', color: \"#dd9933\", content: '<img src=\"https:\/\/i0.wp.com\/as-surques-escoeuilles.fr\/wp-content\/plugins\/birthdays-widget\/images\/default_user.png?w=150\" data-recalc-dims=\"1\" \/><div class=\"birthday_center birthday_name\">MACQUET Thierry<span class=\"birthday_age\"> 53 ans<\/span><\/div>' }, { date: \"23\/3\/2026\",title: 'Joyeux anniversaire !', color: \"#000000\", content: '<img src=\"https:\/\/i0.wp.com\/as-surques-escoeuilles.fr\/wp-content\/plugins\/birthdays-widget\/images\/default_user.png?w=150\" data-recalc-dims=\"1\" \/><div class=\"birthday_center birthday_name\">LEMPIRE Gabriel<span class=\"birthday_age\"> 18 ans<\/span><\/div><img src=\"https:\/\/i0.wp.com\/as-surques-escoeuilles.fr\/wp-content\/plugins\/birthdays-widget\/images\/default_user.png?w=150\" data-recalc-dims=\"1\" \/><div class=\"birthday_center birthday_name\">LEMPIRE Eliot<span class=\"birthday_age\"> 18 ans<\/span><\/div><img src=\"https:\/\/i0.wp.com\/as-surques-escoeuilles.fr\/wp-content\/plugins\/birthdays-widget\/images\/default_user.png?w=150\" data-recalc-dims=\"1\" \/><div class=\"birthday_center birthday_name\">MASSON Lukas<span class=\"birthday_age\"> 22 ans<\/span><\/div>' }, { date: \"27\/3\/2026\",title: 'Joyeux anniversaire !', color: \"#dd9933\", content: '<img src=\"https:\/\/i0.wp.com\/as-surques-escoeuilles.fr\/wp-content\/plugins\/birthdays-widget\/images\/default_user.png?w=150\" data-recalc-dims=\"1\" \/><div class=\"birthday_center birthday_name\">PERARD Sullivan<span class=\"birthday_age\"> 27 ans<\/span><\/div>' }, { date: \"28\/3\/2026\",title: 'Joyeux anniversaire !', color: \"#000000\", content: '<img src=\"https:\/\/i0.wp.com\/as-surques-escoeuilles.fr\/wp-content\/plugins\/birthdays-widget\/images\/default_user.png?w=150\" data-recalc-dims=\"1\" \/><div class=\"birthday_center birthday_name\">DELRUE Rene<span class=\"birthday_age\"> 38 ans<\/span><\/div>' }, { date: \"5\/4\/2026\",title: 'Joyeux anniversaire !', color: \"#dd9933\", content: '<img src=\"https:\/\/i0.wp.com\/as-surques-escoeuilles.fr\/wp-content\/plugins\/birthdays-widget\/images\/default_user.png?w=150\" data-recalc-dims=\"1\" \/><div class=\"birthday_center birthday_name\">TASSART Remi<span class=\"birthday_age\"> 28 ans<\/span><\/div>' }, { date: \"6\/4\/2026\",title: 'Joyeux anniversaire !', color: \"#000000\", content: '<img src=\"https:\/\/i0.wp.com\/as-surques-escoeuilles.fr\/wp-content\/plugins\/birthdays-widget\/images\/default_user.png?w=150\" data-recalc-dims=\"1\" \/><div class=\"birthday_center birthday_name\">LANNOY Thomas<span class=\"birthday_age\"> 21 ans<\/span><\/div>' }, { date: \"9\/4\/2026\",title: 'Joyeux anniversaire !', color: \"#dd9933\", content: '<img src=\"https:\/\/i0.wp.com\/as-surques-escoeuilles.fr\/wp-content\/plugins\/birthdays-widget\/images\/default_user.png?w=150\" data-recalc-dims=\"1\" \/><div class=\"birthday_center birthday_name\">CUCHEVAL Ethan<span class=\"birthday_age\"> 18 ans<\/span><\/div>' }, { date: \"10\/4\/2026\",title: 'Joyeux anniversaire !', color: \"#000000\", content: '<img src=\"https:\/\/i0.wp.com\/as-surques-escoeuilles.fr\/wp-content\/plugins\/birthdays-widget\/images\/default_user.png?w=150\" data-recalc-dims=\"1\" \/><div class=\"birthday_center birthday_name\">HAY Benjamin<span class=\"birthday_age\"> 34 ans<\/span><\/div>' }, { date: \"12\/4\/2026\",title: 'Joyeux anniversaire !', color: \"#dd9933\", content: '<img src=\"https:\/\/i0.wp.com\/as-surques-escoeuilles.fr\/wp-content\/plugins\/birthdays-widget\/images\/default_user.png?w=150\" data-recalc-dims=\"1\" \/><div class=\"birthday_center birthday_name\">TASSART Alexis<span class=\"birthday_age\"> 21 ans<\/span><\/div><img src=\"https:\/\/i0.wp.com\/as-surques-escoeuilles.fr\/wp-content\/plugins\/birthdays-widget\/images\/default_user.png?w=150\" data-recalc-dims=\"1\" \/><div class=\"birthday_center birthday_name\">TASSART Alexis<span class=\"birthday_age\"> 21 ans<\/span><\/div>' }, { date: \"13\/4\/2026\",title: 'Joyeux anniversaire !', color: \"#000000\", content: '<img src=\"https:\/\/i0.wp.com\/as-surques-escoeuilles.fr\/wp-content\/plugins\/birthdays-widget\/images\/default_user.png?w=150\" data-recalc-dims=\"1\" \/><div class=\"birthday_center birthday_name\">RISTORI Florentin<span class=\"birthday_age\"> 21 ans<\/span><\/div>' }, { date: \"15\/4\/2026\",title: 'Joyeux anniversaire !', color: \"#dd9933\", content: '<img src=\"https:\/\/i0.wp.com\/as-surques-escoeuilles.fr\/wp-content\/plugins\/birthdays-widget\/images\/default_user.png?w=150\" data-recalc-dims=\"1\" \/><div class=\"birthday_center birthday_name\">DESOMBRE Justine<span class=\"birthday_age\"> 31 ans<\/span><\/div><img src=\"https:\/\/i0.wp.com\/as-surques-escoeuilles.fr\/wp-content\/plugins\/birthdays-widget\/images\/default_user.png?w=150\" data-recalc-dims=\"1\" \/><div class=\"birthday_center birthday_name\">GUILBERT Timothe<span class=\"birthday_age\"> 15 ans<\/span><\/div>' }, { date: \"17\/4\/2026\",title: 'Joyeux anniversaire !', color: \"#000000\", content: '<img src=\"https:\/\/i0.wp.com\/as-surques-escoeuilles.fr\/wp-content\/plugins\/birthdays-widget\/images\/default_user.png?w=150\" data-recalc-dims=\"1\" \/><div class=\"birthday_center birthday_name\">ROMMEL Marie Laure<span class=\"birthday_age\"> 44 ans<\/span><\/div><img src=\"https:\/\/i0.wp.com\/as-surques-escoeuilles.fr\/wp-content\/plugins\/birthdays-widget\/images\/default_user.png?w=150\" data-recalc-dims=\"1\" \/><div class=\"birthday_center birthday_name\">ROMMEL Marie Laure<span class=\"birthday_age\"> 44 ans<\/span><\/div>' }, { date: \"18\/4\/2026\",title: 'Joyeux anniversaire !', color: \"#dd9933\", content: '<img src=\"https:\/\/i0.wp.com\/as-surques-escoeuilles.fr\/wp-content\/plugins\/birthdays-widget\/images\/default_user.png?w=150\" data-recalc-dims=\"1\" \/><div class=\"birthday_center birthday_name\">DE LATTAIGNANT Axel<span class=\"birthday_age\"> 15 ans<\/span><\/div>' }, { date: \"23\/4\/2026\",title: 'Joyeux anniversaire !', color: \"#000000\", content: '<img src=\"https:\/\/i0.wp.com\/as-surques-escoeuilles.fr\/wp-content\/plugins\/birthdays-widget\/images\/default_user.png?w=150\" data-recalc-dims=\"1\" \/><div class=\"birthday_center birthday_name\">HEUMEZ Paul<span class=\"birthday_age\"> 22 ans<\/span><\/div>' }, { date: \"27\/4\/2026\",title: 'Joyeux anniversaire !', color: \"#dd9933\", content: '<img src=\"https:\/\/i0.wp.com\/as-surques-escoeuilles.fr\/wp-content\/plugins\/birthdays-widget\/images\/default_user.png?w=150\" data-recalc-dims=\"1\" \/><div class=\"birthday_center birthday_name\">NOYER Maxime<span class=\"birthday_age\"> 18 ans<\/span><\/div>' }, { date: \"28\/4\/2026\",title: 'Joyeux anniversaire !', color: \"#000000\", content: '<img src=\"https:\/\/i0.wp.com\/as-surques-escoeuilles.fr\/wp-content\/plugins\/birthdays-widget\/images\/default_user.png?w=150\" data-recalc-dims=\"1\" \/><div class=\"birthday_center birthday_name\">CADET Philippe<span class=\"birthday_age\"> 62 ans<\/span><\/div><img src=\"https:\/\/i0.wp.com\/as-surques-escoeuilles.fr\/wp-content\/plugins\/birthdays-widget\/images\/default_user.png?w=150\" data-recalc-dims=\"1\" \/><div class=\"birthday_center birthday_name\">DESOMBRE Aurelien<span class=\"birthday_age\"> 31 ans<\/span><\/div>' }, { date: \"29\/4\/2026\",title: 'Joyeux anniversaire !', color: \"#dd9933\", content: '<img src=\"https:\/\/i0.wp.com\/as-surques-escoeuilles.fr\/wp-content\/plugins\/birthdays-widget\/images\/default_user.png?w=150\" data-recalc-dims=\"1\" \/><div class=\"birthday_center birthday_name\">DOURNEL Alexandre<span class=\"birthday_age\"> 31 ans<\/span><\/div>' }, { date: \"30\/4\/2026\",title: 'Joyeux anniversaire !', color: \"#000000\", content: '<img src=\"https:\/\/i0.wp.com\/as-surques-escoeuilles.fr\/wp-content\/plugins\/birthdays-widget\/images\/default_user.png?w=150\" data-recalc-dims=\"1\" \/><div class=\"birthday_center birthday_name\">HAVART Alexis<span class=\"birthday_age\"> 19 ans<\/span><\/div>' }, { date: \"3\/5\/2026\",title: 'Joyeux anniversaire !', color: \"#dd3333\", content: '<img src=\"https:\/\/i0.wp.com\/as-surques-escoeuilles.fr\/wp-content\/plugins\/birthdays-widget\/images\/default_user.png?w=150\" data-recalc-dims=\"1\" \/><div class=\"birthday_center birthday_name\">CHOCHOY Yanis<span class=\"birthday_age\"> 16 ans<\/span><\/div>' }, { date: \"6\/5\/2026\",title: 'Joyeux anniversaire !', color: \"#dd9933\", content: '<img src=\"https:\/\/i0.wp.com\/as-surques-escoeuilles.fr\/wp-content\/plugins\/birthdays-widget\/images\/default_user.png?w=150\" data-recalc-dims=\"1\" \/><div class=\"birthday_center birthday_name\">MARTINOT Valentin<span class=\"birthday_age\"> 32 ans<\/span><\/div>' }, { date: \"7\/5\/2026\",title: 'Joyeux anniversaire !', color: \"#000000\", content: '<img src=\"https:\/\/i0.wp.com\/as-surques-escoeuilles.fr\/wp-content\/plugins\/birthdays-widget\/images\/default_user.png?w=150\" data-recalc-dims=\"1\" \/><div class=\"birthday_center birthday_name\">PETITPONT Mathieu<span class=\"birthday_age\"> 30 ans<\/span><\/div>' }, { date: \"9\/5\/2026\",title: 'Joyeux anniversaire !', color: \"#dd9933\", content: '<img src=\"https:\/\/i0.wp.com\/as-surques-escoeuilles.fr\/wp-content\/plugins\/birthdays-widget\/images\/default_user.png?w=150\" data-recalc-dims=\"1\" \/><div class=\"birthday_center birthday_name\">LAVOYE Sylvain<span class=\"birthday_age\"> 51 ans<\/span><\/div>' }, { date: \"11\/5\/2026\",title: 'Joyeux anniversaire !', color: \"#000000\", content: '<img src=\"https:\/\/i0.wp.com\/as-surques-escoeuilles.fr\/wp-content\/plugins\/birthdays-widget\/images\/default_user.png?w=150\" data-recalc-dims=\"1\" \/><div class=\"birthday_center birthday_name\">DAQUIN Maxence<span class=\"birthday_age\"> 20 ans<\/span><\/div>' }, { date: \"13\/5\/2026\",title: 'Joyeux anniversaire !', color: \"#dd9933\", content: '<img src=\"https:\/\/i0.wp.com\/as-surques-escoeuilles.fr\/wp-content\/plugins\/birthdays-widget\/images\/default_user.png?w=150\" data-recalc-dims=\"1\" \/><div class=\"birthday_center birthday_name\">MASSET Corentin<span class=\"birthday_age\"> 18 ans<\/span><\/div>' }, { date: \"18\/5\/2026\",title: 'Joyeux anniversaire !', color: \"#000000\", content: '<img src=\"https:\/\/i0.wp.com\/as-surques-escoeuilles.fr\/wp-content\/plugins\/birthdays-widget\/images\/default_user.png?w=150\" data-recalc-dims=\"1\" \/><div class=\"birthday_center birthday_name\">FOURNIER Lucas<span class=\"birthday_age\"> 21 ans<\/span><\/div><img src=\"https:\/\/i0.wp.com\/as-surques-escoeuilles.fr\/wp-content\/plugins\/birthdays-widget\/images\/default_user.png?w=150\" data-recalc-dims=\"1\" \/><div class=\"birthday_center birthday_name\">BOMBLE Emilien<span class=\"birthday_age\"> 22 ans<\/span><\/div>' }, { date: \"20\/5\/2026\",title: 'Joyeux anniversaire !', color: \"#dd9933\", content: '<img src=\"https:\/\/i0.wp.com\/as-surques-escoeuilles.fr\/wp-content\/plugins\/birthdays-widget\/images\/default_user.png?w=150\" data-recalc-dims=\"1\" \/><div class=\"birthday_center birthday_name\">BRASSART Thimeo<span class=\"birthday_age\"> 13 ans<\/span><\/div>' }, { date: \"21\/5\/2026\",title: 'Joyeux anniversaire !', color: \"#000000\", content: '<img src=\"https:\/\/i0.wp.com\/as-surques-escoeuilles.fr\/wp-content\/plugins\/birthdays-widget\/images\/default_user.png?w=150\" data-recalc-dims=\"1\" \/><div class=\"birthday_center birthday_name\">DAQUIN Alexis<span class=\"birthday_age\"> 19 ans<\/span><\/div>' }, { date: \"23\/5\/2026\",title: 'Joyeux anniversaire !', color: \"#dd9933\", content: '<img src=\"https:\/\/i0.wp.com\/as-surques-escoeuilles.fr\/wp-content\/plugins\/birthdays-widget\/images\/default_user.png?w=150\" data-recalc-dims=\"1\" \/><div class=\"birthday_center birthday_name\">WACQUET Loreline<span class=\"birthday_age\"> 17 ans<\/span><\/div>' }, { date: \"27\/5\/2026\",title: 'Joyeux anniversaire !', color: \"#000000\", content: '<img src=\"https:\/\/i0.wp.com\/as-surques-escoeuilles.fr\/wp-content\/plugins\/birthdays-widget\/images\/default_user.png?w=150\" data-recalc-dims=\"1\" \/><div class=\"birthday_center birthday_name\">REBERGUE Julien<span class=\"birthday_age\"> 42 ans<\/span><\/div><img src=\"https:\/\/i0.wp.com\/as-surques-escoeuilles.fr\/wp-content\/plugins\/birthdays-widget\/images\/default_user.png?w=150\" data-recalc-dims=\"1\" \/><div class=\"birthday_center birthday_name\">WATEL Arnaud<span class=\"birthday_age\"> 46 ans<\/span><\/div>' }, { date: \"28\/5\/2026\",title: 'Joyeux anniversaire !', color: \"#dd9933\", content: '<img src=\"https:\/\/i0.wp.com\/as-surques-escoeuilles.fr\/wp-content\/plugins\/birthdays-widget\/images\/default_user.png?w=150\" data-recalc-dims=\"1\" \/><div class=\"birthday_center birthday_name\">DEFACHELLES Noa<span class=\"birthday_age\"> 19 ans<\/span><\/div><img src=\"https:\/\/i0.wp.com\/as-surques-escoeuilles.fr\/wp-content\/plugins\/birthdays-widget\/images\/default_user.png?w=150\" data-recalc-dims=\"1\" \/><div class=\"birthday_center birthday_name\">BARON Matteo<span class=\"birthday_age\"> 22 ans<\/span><\/div>' }, { date: \"29\/5\/2026\",title: 'Joyeux anniversaire !', color: \"#000000\", content: '<img src=\"https:\/\/i0.wp.com\/as-surques-escoeuilles.fr\/wp-content\/plugins\/birthdays-widget\/images\/default_user.png?w=150\" data-recalc-dims=\"1\" \/><div class=\"birthday_center birthday_name\">BAHEUX Jordan<span class=\"birthday_age\"> 17 ans<\/span><\/div>' }, { date: \"30\/5\/2026\",title: 'Joyeux anniversaire !', color: \"#dd9933\", content: '<img src=\"https:\/\/i0.wp.com\/as-surques-escoeuilles.fr\/wp-content\/plugins\/birthdays-widget\/images\/default_user.png?w=150\" data-recalc-dims=\"1\" \/><div class=\"birthday_center birthday_name\">PENIN Jean Pierre<span class=\"birthday_age\"> 68 ans<\/span><\/div><img src=\"https:\/\/i0.wp.com\/as-surques-escoeuilles.fr\/wp-content\/plugins\/birthdays-widget\/images\/default_user.png?w=150\" data-recalc-dims=\"1\" \/><div class=\"birthday_center birthday_name\">SAUNIER Maxence<span class=\"birthday_age\"> 19 ans<\/span><\/div><img src=\"https:\/\/i0.wp.com\/as-surques-escoeuilles.fr\/wp-content\/plugins\/birthdays-widget\/images\/default_user.png?w=150\" data-recalc-dims=\"1\" \/><div class=\"birthday_center birthday_name\">HEMBERT Thomas<span class=\"birthday_age\"> 22 ans<\/span><\/div>' }, { date: \"31\/5\/2026\",title: 'Joyeux anniversaire !', color: \"#000000\", content: '<img src=\"https:\/\/i0.wp.com\/as-surques-escoeuilles.fr\/wp-content\/plugins\/birthdays-widget\/images\/default_user.png?w=150\" data-recalc-dims=\"1\" \/><div class=\"birthday_center birthday_name\">DUSAUSSOY Lucas<span class=\"birthday_age\"> 22 ans<\/span><\/div>' }, { date: \"3\/6\/2026\",title: 'Joyeux anniversaire !', color: \"#dd9933\", content: '<img src=\"https:\/\/i0.wp.com\/as-surques-escoeuilles.fr\/wp-content\/plugins\/birthdays-widget\/images\/default_user.png?w=150\" data-recalc-dims=\"1\" \/><div class=\"birthday_center birthday_name\">BOULANGER Colin<span class=\"birthday_age\"> 22 ans<\/span><\/div>' }, { date: \"4\/6\/2026\",title: 'Joyeux anniversaire !', color: \"#000000\", content: '<img src=\"https:\/\/i0.wp.com\/as-surques-escoeuilles.fr\/wp-content\/plugins\/birthdays-widget\/images\/default_user.png?w=150\" data-recalc-dims=\"1\" \/><div class=\"birthday_center birthday_name\">LEPRETRE Paul<span class=\"birthday_age\"> 35 ans<\/span><\/div>' }, { date: \"7\/6\/2026\",title: 'Joyeux anniversaire !', color: \"#dd9933\", content: '<img src=\"https:\/\/i0.wp.com\/as-surques-escoeuilles.fr\/wp-content\/plugins\/birthdays-widget\/images\/default_user.png?w=150\" data-recalc-dims=\"1\" \/><div class=\"birthday_center birthday_name\">LELEU Julien<span class=\"birthday_age\"> 17 ans<\/span><\/div>' }, { date: \"8\/6\/2026\",title: 'Joyeux anniversaire !', color: \"#000000\", content: '<img src=\"https:\/\/i0.wp.com\/as-surques-escoeuilles.fr\/wp-content\/plugins\/birthdays-widget\/images\/default_user.png?w=150\" data-recalc-dims=\"1\" \/><div class=\"birthday_center birthday_name\">MACQUET Alice<span class=\"birthday_age\"> 19 ans<\/span><\/div>' }, { date: \"9\/6\/2026\",title: 'Joyeux anniversaire !', color: \"#dd9933\", content: '<img src=\"https:\/\/i0.wp.com\/as-surques-escoeuilles.fr\/wp-content\/plugins\/birthdays-widget\/images\/default_user.png?w=150\" data-recalc-dims=\"1\" \/><div class=\"birthday_center birthday_name\">BAY Mael<span class=\"birthday_age\"> 17 ans<\/span><\/div>' }, { date: \"10\/6\/2026\",title: 'Joyeux anniversaire !', color: \"#000000\", content: '<img src=\"https:\/\/i0.wp.com\/as-surques-escoeuilles.fr\/wp-content\/plugins\/birthdays-widget\/images\/default_user.png?w=150\" data-recalc-dims=\"1\" \/><div class=\"birthday_center birthday_name\">GILLET Benoit<span class=\"birthday_age\"> 41 ans<\/span><\/div><img src=\"https:\/\/i0.wp.com\/as-surques-escoeuilles.fr\/wp-content\/plugins\/birthdays-widget\/images\/default_user.png?w=150\" data-recalc-dims=\"1\" \/><div class=\"birthday_center birthday_name\">GILLET Benoit<span class=\"birthday_age\"> 41 ans<\/span><\/div><img src=\"https:\/\/i0.wp.com\/as-surques-escoeuilles.fr\/wp-content\/plugins\/birthdays-widget\/images\/default_user.png?w=150\" data-recalc-dims=\"1\" \/><div class=\"birthday_center birthday_name\">SAUVAGE Anne Charlotte<span class=\"birthday_age\"> 45 ans<\/span><\/div><img src=\"https:\/\/i0.wp.com\/as-surques-escoeuilles.fr\/wp-content\/plugins\/birthdays-widget\/images\/default_user.png?w=150\" data-recalc-dims=\"1\" \/><div class=\"birthday_center birthday_name\">SAUVAGE Anne-Charlotte<span class=\"birthday_age\"> 45 ans<\/span><\/div>' }, { date: \"11\/6\/2026\",title: 'Joyeux anniversaire !', color: \"#dd9933\", content: '<img src=\"https:\/\/i0.wp.com\/as-surques-escoeuilles.fr\/wp-content\/plugins\/birthdays-widget\/images\/default_user.png?w=150\" data-recalc-dims=\"1\" \/><div class=\"birthday_center birthday_name\">SILVESTRE Mathis<span class=\"birthday_age\"> 14 ans<\/span><\/div>' }, { date: \"13\/6\/2026\",title: 'Joyeux anniversaire !', color: \"#000000\", content: '<img src=\"https:\/\/i0.wp.com\/as-surques-escoeuilles.fr\/wp-content\/plugins\/birthdays-widget\/images\/default_user.png?w=150\" data-recalc-dims=\"1\" \/><div class=\"birthday_center birthday_name\">DESOMBRE Bastien<span class=\"birthday_age\"> 25 ans<\/span><\/div>' }, { date: \"17\/6\/2026\",title: 'Joyeux anniversaire !', color: \"#dd9933\", content: '<img src=\"https:\/\/i0.wp.com\/as-surques-escoeuilles.fr\/wp-content\/plugins\/birthdays-widget\/images\/default_user.png?w=150\" data-recalc-dims=\"1\" \/><div class=\"birthday_center birthday_name\">SCHUPPE Florian<span class=\"birthday_age\"> 26 ans<\/span><\/div>' }, { date: \"19\/6\/2026\",title: 'Joyeux anniversaire !', color: \"#000000\", content: '<img src=\"https:\/\/i0.wp.com\/as-surques-escoeuilles.fr\/wp-content\/plugins\/birthdays-widget\/images\/default_user.png?w=150\" data-recalc-dims=\"1\" \/><div class=\"birthday_center birthday_name\">HAVART Gregoire<span class=\"birthday_age\"> 21 ans<\/span><\/div><img src=\"https:\/\/i0.wp.com\/as-surques-escoeuilles.fr\/wp-content\/plugins\/birthdays-widget\/images\/default_user.png?w=150\" data-recalc-dims=\"1\" \/><div class=\"birthday_center birthday_name\">BAY Judikael<span class=\"birthday_age\"> 18 ans<\/span><\/div>' }, { date: \"21\/6\/2026\",title: 'Joyeux anniversaire !', color: \"#dd9933\", content: '<img src=\"https:\/\/i0.wp.com\/as-surques-escoeuilles.fr\/wp-content\/plugins\/birthdays-widget\/images\/default_user.png?w=150\" data-recalc-dims=\"1\" \/><div class=\"birthday_center birthday_name\">HAVART Yohan<span class=\"birthday_age\"> 15 ans<\/span><\/div>' }, { date: \"23\/6\/2026\",title: 'Joyeux anniversaire !', color: \"#000000\", content: '<img src=\"https:\/\/i0.wp.com\/as-surques-escoeuilles.fr\/wp-content\/plugins\/birthdays-widget\/images\/default_user.png?w=150\" data-recalc-dims=\"1\" \/><div class=\"birthday_center birthday_name\">JOLY Morgane<span class=\"birthday_age\"> 29 ans<\/span><\/div><img src=\"https:\/\/i0.wp.com\/as-surques-escoeuilles.fr\/wp-content\/plugins\/birthdays-widget\/images\/default_user.png?w=150\" data-recalc-dims=\"1\" \/><div class=\"birthday_center birthday_name\">JOLY Morgane<span class=\"birthday_age\"> 29 ans<\/span><\/div>' }, { date: \"24\/6\/2026\",title: 'Joyeux anniversaire !', color: \"#dd9933\", content: '<img src=\"https:\/\/i0.wp.com\/as-surques-escoeuilles.fr\/wp-content\/plugins\/birthdays-widget\/images\/default_user.png?w=150\" data-recalc-dims=\"1\" \/><div class=\"birthday_center birthday_name\">GUILBERT Justine<span class=\"birthday_age\"> 32 ans<\/span><\/div>' }, { date: \"27\/6\/2026\",title: 'Joyeux anniversaire !', color: \"#000000\", content: '<img src=\"https:\/\/i0.wp.com\/as-surques-escoeuilles.fr\/wp-content\/plugins\/birthdays-widget\/images\/default_user.png?w=150\" data-recalc-dims=\"1\" \/><div class=\"birthday_center birthday_name\">DUFOUR Emile<span class=\"birthday_age\"> 18 ans<\/span><\/div><img src=\"https:\/\/i0.wp.com\/as-surques-escoeuilles.fr\/wp-content\/plugins\/birthdays-widget\/images\/default_user.png?w=150\" data-recalc-dims=\"1\" \/><div class=\"birthday_center birthday_name\">MIELLOT Augustin<span class=\"birthday_age\"> 24 ans<\/span><\/div>' }, { date: \"28\/6\/2026\",title: 'Joyeux anniversaire !', color: \"#dd9933\", content: '<img src=\"https:\/\/i0.wp.com\/as-surques-escoeuilles.fr\/wp-content\/plugins\/birthdays-widget\/images\/default_user.png?w=150\" data-recalc-dims=\"1\" \/><div class=\"birthday_center birthday_name\">LEVISSE Arthur<span class=\"birthday_age\"> 19 ans<\/span><\/div>' }, { date: \"30\/6\/2026\",title: 'Joyeux anniversaire !', color: \"#000000\", content: '<img src=\"https:\/\/i0.wp.com\/as-surques-escoeuilles.fr\/wp-content\/plugins\/birthdays-widget\/images\/default_user.png?w=150\" data-recalc-dims=\"1\" \/><div class=\"birthday_center birthday_name\">MERLIN Dany<span class=\"birthday_age\"> 47 ans<\/span><\/div><img src=\"https:\/\/i0.wp.com\/as-surques-escoeuilles.fr\/wp-content\/plugins\/birthdays-widget\/images\/default_user.png?w=150\" data-recalc-dims=\"1\" \/><div class=\"birthday_center birthday_name\">MERLIN Joan<span class=\"birthday_age\"> 47 ans<\/span><\/div>' }, { date: \"1\/7\/2026\",title: 'Joyeux anniversaire !', color: \"#dd9933\", content: '<img src=\"https:\/\/i0.wp.com\/as-surques-escoeuilles.fr\/wp-content\/plugins\/birthdays-widget\/images\/default_user.png?w=150\" data-recalc-dims=\"1\" \/><div class=\"birthday_center birthday_name\">FASQUEL Perle<span class=\"birthday_age\"> 24 ans<\/span><\/div><img src=\"https:\/\/i0.wp.com\/as-surques-escoeuilles.fr\/wp-content\/plugins\/birthdays-widget\/images\/default_user.png?w=150\" data-recalc-dims=\"1\" \/><div class=\"birthday_center birthday_name\">FASQUEL Perle<span class=\"birthday_age\"> 24 ans<\/span><\/div>' }, { date: \"2\/7\/2026\",title: 'Joyeux anniversaire !', color: \"#000000\", content: '<img src=\"https:\/\/i0.wp.com\/as-surques-escoeuilles.fr\/wp-content\/plugins\/birthdays-widget\/images\/default_user.png?w=150\" data-recalc-dims=\"1\" \/><div class=\"birthday_center birthday_name\">CARBONNIER Laetitia<span class=\"birthday_age\"> 34 ans<\/span><\/div>' }, { date: \"3\/7\/2026\",title: 'Joyeux anniversaire !', color: \"#dd9933\", content: '<img src=\"https:\/\/i0.wp.com\/as-surques-escoeuilles.fr\/wp-content\/plugins\/birthdays-widget\/images\/default_user.png?w=150\" data-recalc-dims=\"1\" \/><div class=\"birthday_center birthday_name\">DARQUES Valentine<span class=\"birthday_age\"> 18 ans<\/span><\/div>' }, { date: \"9\/7\/2026\",title: 'Joyeux anniversaire !', color: \"#000000\", content: '<img src=\"https:\/\/i0.wp.com\/as-surques-escoeuilles.fr\/wp-content\/plugins\/birthdays-widget\/images\/default_user.png?w=150\" data-recalc-dims=\"1\" \/><div class=\"birthday_center birthday_name\">FROYE Clehys<span class=\"birthday_age\"> 17 ans<\/span><\/div>' }, { date: \"10\/7\/2026\",title: 'Joyeux anniversaire !', color: \"#dd9933\", content: '<img src=\"https:\/\/i0.wp.com\/as-surques-escoeuilles.fr\/wp-content\/plugins\/birthdays-widget\/images\/default_user.png?w=150\" data-recalc-dims=\"1\" \/><div class=\"birthday_center birthday_name\">FOURNIER Theo<span class=\"birthday_age\"> 22 ans<\/span><\/div>' }, { date: \"11\/7\/2026\",title: 'Joyeux anniversaire !', color: \"#000000\", content: '<img src=\"https:\/\/i0.wp.com\/as-surques-escoeuilles.fr\/wp-content\/plugins\/birthdays-widget\/images\/default_user.png?w=150\" data-recalc-dims=\"1\" \/><div class=\"birthday_center birthday_name\">WACQUET Sosthene<span class=\"birthday_age\"> 19 ans<\/span><\/div><img src=\"https:\/\/i0.wp.com\/as-surques-escoeuilles.fr\/wp-content\/plugins\/birthdays-widget\/images\/default_user.png?w=150\" data-recalc-dims=\"1\" \/><div class=\"birthday_center birthday_name\">ROCHOY Elisa<span class=\"birthday_age\"> 24 ans<\/span><\/div>' }, { date: \"13\/7\/2026\",title: 'Joyeux anniversaire !', color: \"#dd9933\", content: '<img src=\"https:\/\/i0.wp.com\/as-surques-escoeuilles.fr\/wp-content\/plugins\/birthdays-widget\/images\/default_user.png?w=150\" data-recalc-dims=\"1\" \/><div class=\"birthday_center birthday_name\">DESNOYER Ivanka<span class=\"birthday_age\"> 19 ans<\/span><\/div>' }, { date: \"16\/7\/2026\",title: 'Joyeux anniversaire !', color: \"#000000\", content: '<img src=\"https:\/\/i0.wp.com\/as-surques-escoeuilles.fr\/wp-content\/plugins\/birthdays-widget\/images\/default_user.png?w=150\" data-recalc-dims=\"1\" \/><div class=\"birthday_center birthday_name\">DURIEZ Simon<span class=\"birthday_age\"> 23 ans<\/span><\/div><img src=\"https:\/\/i0.wp.com\/as-surques-escoeuilles.fr\/wp-content\/plugins\/birthdays-widget\/images\/default_user.png?w=150\" data-recalc-dims=\"1\" \/><div class=\"birthday_center birthday_name\">DUVIVIER Clement<span class=\"birthday_age\"> 22 ans<\/span><\/div><img src=\"https:\/\/i0.wp.com\/as-surques-escoeuilles.fr\/wp-content\/plugins\/birthdays-widget\/images\/default_user.png?w=150\" data-recalc-dims=\"1\" \/><div class=\"birthday_center birthday_name\">LELEU Simon<span class=\"birthday_age\"> 23 ans<\/span><\/div>' }, { date: \"18\/7\/2026\",title: 'Joyeux anniversaire !', color: \"#dd9933\", content: '<img src=\"https:\/\/i0.wp.com\/as-surques-escoeuilles.fr\/wp-content\/plugins\/birthdays-widget\/images\/default_user.png?w=150\" data-recalc-dims=\"1\" \/><div class=\"birthday_center birthday_name\">VANHOET Adeline<span class=\"birthday_age\"> 25 ans<\/span><\/div><img src=\"https:\/\/i0.wp.com\/as-surques-escoeuilles.fr\/wp-content\/plugins\/birthdays-widget\/images\/default_user.png?w=150\" data-recalc-dims=\"1\" \/><div class=\"birthday_center birthday_name\">LOISEAU Sophie<span class=\"birthday_age\"> 44 ans<\/span><\/div><img src=\"https:\/\/i0.wp.com\/as-surques-escoeuilles.fr\/wp-content\/plugins\/birthdays-widget\/images\/default_user.png?w=150\" data-recalc-dims=\"1\" \/><div class=\"birthday_center birthday_name\">LOISEAU Sophie<span class=\"birthday_age\"> 44 ans<\/span><\/div>' }, { date: \"19\/7\/2026\",title: 'Joyeux anniversaire !', color: \"#000000\", content: '<img src=\"https:\/\/i0.wp.com\/as-surques-escoeuilles.fr\/wp-content\/plugins\/birthdays-widget\/images\/default_user.png?w=150\" data-recalc-dims=\"1\" \/><div class=\"birthday_center birthday_name\">ROMMEL Lana<span class=\"birthday_age\"> 19 ans<\/span><\/div>' }, { date: \"21\/7\/2026\",title: 'Joyeux anniversaire !', color: \"#dd9933\", content: '<img src=\"https:\/\/i0.wp.com\/as-surques-escoeuilles.fr\/wp-content\/plugins\/birthdays-widget\/images\/default_user.png?w=150\" data-recalc-dims=\"1\" \/><div class=\"birthday_center birthday_name\">LEGRAND Lucas<span class=\"birthday_age\"> 16 ans<\/span><\/div>' }, { date: \"26\/7\/2026\",title: 'Joyeux anniversaire !', color: \"#000000\", content: '<img src=\"https:\/\/i0.wp.com\/as-surques-escoeuilles.fr\/wp-content\/plugins\/birthdays-widget\/images\/default_user.png?w=150\" data-recalc-dims=\"1\" \/><div class=\"birthday_center birthday_name\">DUFOSSE Laurent<span class=\"birthday_age\"> 45 ans<\/span><\/div><img src=\"https:\/\/i0.wp.com\/as-surques-escoeuilles.fr\/wp-content\/plugins\/birthdays-widget\/images\/default_user.png?w=150\" data-recalc-dims=\"1\" \/><div class=\"birthday_center birthday_name\">JOUGLET Lisa<span class=\"birthday_age\"> 28 ans<\/span><\/div>' }, { date: \"28\/7\/2026\",title: 'Joyeux anniversaire !', color: \"#dd9933\", content: '<img src=\"https:\/\/i0.wp.com\/as-surques-escoeuilles.fr\/wp-content\/plugins\/birthdays-widget\/images\/default_user.png?w=150\" data-recalc-dims=\"1\" \/><div class=\"birthday_center birthday_name\">LAMARE Benoit<span class=\"birthday_age\"> 39 ans<\/span><\/div><img src=\"https:\/\/i0.wp.com\/as-surques-escoeuilles.fr\/wp-content\/plugins\/birthdays-widget\/images\/default_user.png?w=150\" data-recalc-dims=\"1\" \/><div class=\"birthday_center birthday_name\">METEYER Hugo<span class=\"birthday_age\"> 21 ans<\/span><\/div>' }, { date: \"1\/8\/2026\",title: 'Joyeux anniversaire !', color: \"#000000\", content: '<img src=\"https:\/\/i0.wp.com\/as-surques-escoeuilles.fr\/wp-content\/plugins\/birthdays-widget\/images\/default_user.png?w=150\" data-recalc-dims=\"1\" \/><div class=\"birthday_center birthday_name\">CADET Logan<span class=\"birthday_age\"> 18 ans<\/span><\/div>' }, { date: \"1\/1\/2026\",title: 'Joyeux anniversaire !', color: \"#dd9933\", content: '<img src=\"https:\/\/i0.wp.com\/as-surques-escoeuilles.fr\/wp-content\/plugins\/birthdays-widget\/images\/default_user.png?w=150\" data-recalc-dims=\"1\" \/><div class=\"birthday_center birthday_name\">RAMET Loreen<span class=\"birthday_age\"> 56 ans<\/span><\/div>' }, { date: \"2\/8\/2026\",title: 'Joyeux anniversaire !', color: \"#000000\", content: '<img src=\"https:\/\/i0.wp.com\/as-surques-escoeuilles.fr\/wp-content\/plugins\/birthdays-widget\/images\/default_user.png?w=150\" data-recalc-dims=\"1\" \/><div class=\"birthday_center birthday_name\">OGER Rachel<span class=\"birthday_age\"> 15 ans<\/span><\/div><img src=\"https:\/\/i0.wp.com\/as-surques-escoeuilles.fr\/wp-content\/plugins\/birthdays-widget\/images\/default_user.png?w=150\" data-recalc-dims=\"1\" \/><div class=\"birthday_center birthday_name\">HEMBERT Quentin<span class=\"birthday_age\"> 26 ans<\/span><\/div>' }, { date: \"4\/8\/2026\",title: 'Joyeux anniversaire !', color: \"#dd9933\", content: '<img src=\"https:\/\/i0.wp.com\/as-surques-escoeuilles.fr\/wp-content\/plugins\/birthdays-widget\/images\/default_user.png?w=150\" data-recalc-dims=\"1\" \/><div class=\"birthday_center birthday_name\">LECOMTE Guillaume<span class=\"birthday_age\"> 35 ans<\/span><\/div>' }, { date: \"8\/8\/2026\",title: 'Joyeux anniversaire !', color: \"#000000\", content: '<img src=\"https:\/\/i0.wp.com\/as-surques-escoeuilles.fr\/wp-content\/plugins\/birthdays-widget\/images\/default_user.png?w=150\" data-recalc-dims=\"1\" \/><div class=\"birthday_center birthday_name\">MERLIN Lenny<span class=\"birthday_age\"> 21 ans<\/span><\/div><img src=\"https:\/\/i0.wp.com\/as-surques-escoeuilles.fr\/wp-content\/plugins\/birthdays-widget\/images\/default_user.png?w=150\" data-recalc-dims=\"1\" \/><div class=\"birthday_center birthday_name\">ROMMEL Louka<span class=\"birthday_age\"> 17 ans<\/span><\/div><img src=\"https:\/\/i0.wp.com\/as-surques-escoeuilles.fr\/wp-content\/plugins\/birthdays-widget\/images\/default_user.png?w=150\" data-recalc-dims=\"1\" \/><div class=\"birthday_center birthday_name\">CLABAUX Florian<span class=\"birthday_age\"> 26 ans<\/span><\/div>' }, { date: \"9\/8\/2026\",title: 'Joyeux anniversaire !', color: \"#dd9933\", content: '<img src=\"https:\/\/i0.wp.com\/as-surques-escoeuilles.fr\/wp-content\/plugins\/birthdays-widget\/images\/default_user.png?w=150\" data-recalc-dims=\"1\" \/><div class=\"birthday_center birthday_name\">BUSCOT Nicolas<span class=\"birthday_age\"> 33 ans<\/span><\/div><img src=\"https:\/\/i0.wp.com\/as-surques-escoeuilles.fr\/wp-content\/plugins\/birthdays-widget\/images\/default_user.png?w=150\" data-recalc-dims=\"1\" \/><div class=\"birthday_center birthday_name\">DEROUBAIX Jerome<span class=\"birthday_age\"> 47 ans<\/span><\/div>' }, { date: \"11\/8\/2026\",title: 'Joyeux anniversaire !', color: \"#000000\", content: '<img src=\"https:\/\/i0.wp.com\/as-surques-escoeuilles.fr\/wp-content\/plugins\/birthdays-widget\/images\/default_user.png?w=150\" data-recalc-dims=\"1\" \/><div class=\"birthday_center birthday_name\">FOUBLE J\u00e9r\u00f4me<span class=\"birthday_age\"> 45 ans<\/span><\/div>' }, { date: \"13\/8\/2026\",title: 'Joyeux anniversaire !', color: \"#dd9933\", content: '<img src=\"https:\/\/i0.wp.com\/as-surques-escoeuilles.fr\/wp-content\/plugins\/birthdays-widget\/images\/default_user.png?w=150\" data-recalc-dims=\"1\" \/><div class=\"birthday_center birthday_name\">BRUNET Oscar<span class=\"birthday_age\"> 13 ans<\/span><\/div><img src=\"https:\/\/i0.wp.com\/as-surques-escoeuilles.fr\/wp-content\/plugins\/birthdays-widget\/images\/default_user.png?w=150\" data-recalc-dims=\"1\" \/><div class=\"birthday_center birthday_name\">FOURNIER Raphael<span class=\"birthday_age\"> 14 ans<\/span><\/div>' }, { date: \"15\/8\/2026\",title: 'Joyeux anniversaire !', color: \"#000000\", content: '<img src=\"https:\/\/i0.wp.com\/as-surques-escoeuilles.fr\/wp-content\/plugins\/birthdays-widget\/images\/default_user.png?w=150\" data-recalc-dims=\"1\" \/><div class=\"birthday_center birthday_name\">HAVART Philippe<span class=\"birthday_age\"> 53 ans<\/span><\/div>' }, { date: \"16\/8\/2026\",title: 'Joyeux anniversaire !', color: \"#dd9933\", content: '<img src=\"https:\/\/i0.wp.com\/as-surques-escoeuilles.fr\/wp-content\/plugins\/birthdays-widget\/images\/default_user.png?w=150\" data-recalc-dims=\"1\" \/><div class=\"birthday_center birthday_name\">ALLEXANDRE Fabien<span class=\"birthday_age\"> 22 ans<\/span><\/div><img src=\"https:\/\/i0.wp.com\/as-surques-escoeuilles.fr\/wp-content\/plugins\/birthdays-widget\/images\/default_user.png?w=150\" data-recalc-dims=\"1\" \/><div class=\"birthday_center birthday_name\">DALLERY Alexia<span class=\"birthday_age\"> 21 ans<\/span><\/div>' }, { date: \"18\/8\/2026\",title: 'Joyeux anniversaire !', color: \"#000000\", content: '<img src=\"https:\/\/i0.wp.com\/as-surques-escoeuilles.fr\/wp-content\/plugins\/birthdays-widget\/images\/default_user.png?w=150\" data-recalc-dims=\"1\" \/><div class=\"birthday_center birthday_name\">VANHOET Manon<span class=\"birthday_age\"> 19 ans<\/span><\/div>' }, { date: \"20\/8\/2026\",title: 'Joyeux anniversaire !', color: \"#dd9933\", content: '<img src=\"https:\/\/i0.wp.com\/as-surques-escoeuilles.fr\/wp-content\/plugins\/birthdays-widget\/images\/default_user.png?w=150\" data-recalc-dims=\"1\" \/><div class=\"birthday_center birthday_name\">BEAUVIR Antonin<span class=\"birthday_age\"> 30 ans<\/span><\/div>' }, { date: \"21\/8\/2026\",title: 'Joyeux anniversaire !', color: \"#000000\", content: '<img src=\"https:\/\/i0.wp.com\/as-surques-escoeuilles.fr\/wp-content\/plugins\/birthdays-widget\/images\/default_user.png?w=150\" data-recalc-dims=\"1\" \/><div class=\"birthday_center birthday_name\">FORTIN Benoit<span class=\"birthday_age\"> 41 ans<\/span><\/div>' }, { date: \"24\/8\/2026\",title: 'Joyeux anniversaire !', color: \"#dd9933\", content: '<img src=\"https:\/\/i0.wp.com\/as-surques-escoeuilles.fr\/wp-content\/plugins\/birthdays-widget\/images\/default_user.png?w=150\" data-recalc-dims=\"1\" \/><div class=\"birthday_center birthday_name\">HANON Coralie<span class=\"birthday_age\"> 45 ans<\/span><\/div>' }, { date: \"25\/8\/2026\",title: 'Joyeux anniversaire !', color: \"#000000\", content: '<img src=\"https:\/\/i0.wp.com\/as-surques-escoeuilles.fr\/wp-content\/plugins\/birthdays-widget\/images\/default_user.png?w=150\" data-recalc-dims=\"1\" \/><div class=\"birthday_center birthday_name\">FOURNIER Enzo<span class=\"birthday_age\"> 22 ans<\/span><\/div><img src=\"https:\/\/i0.wp.com\/as-surques-escoeuilles.fr\/wp-content\/plugins\/birthdays-widget\/images\/default_user.png?w=150\" data-recalc-dims=\"1\" \/><div class=\"birthday_center birthday_name\">REGNIER Axel<span class=\"birthday_age\"> 27 ans<\/span><\/div>' }, { date: \"26\/8\/2026\",title: 'Joyeux anniversaire !', color: \"#dd9933\", content: '<img src=\"https:\/\/i0.wp.com\/as-surques-escoeuilles.fr\/wp-content\/plugins\/birthdays-widget\/images\/default_user.png?w=150\" data-recalc-dims=\"1\" \/><div class=\"birthday_center birthday_name\">LELEU Logan<span class=\"birthday_age\"> 28 ans<\/span><\/div>' }, { date: \"2\/9\/2026\",title: 'Joyeux anniversaire !', color: \"#000000\", content: '<img src=\"https:\/\/i0.wp.com\/as-surques-escoeuilles.fr\/wp-content\/plugins\/birthdays-widget\/images\/default_user.png?w=150\" data-recalc-dims=\"1\" \/><div class=\"birthday_center birthday_name\">DELBOIS Johann<span class=\"birthday_age\"> 47 ans<\/span><\/div><img src=\"https:\/\/i0.wp.com\/as-surques-escoeuilles.fr\/wp-content\/plugins\/birthdays-widget\/images\/default_user.png?w=150\" data-recalc-dims=\"1\" \/><div class=\"birthday_center birthday_name\">CRENDAL Matteo<span class=\"birthday_age\"> 17 ans<\/span><\/div>' }, { date: \"10\/9\/2026\",title: 'Joyeux anniversaire !', color: \"#dd9933\", content: '<img src=\"https:\/\/i0.wp.com\/as-surques-escoeuilles.fr\/wp-content\/plugins\/birthdays-widget\/images\/default_user.png?w=150\" data-recalc-dims=\"1\" \/><div class=\"birthday_center birthday_name\">DEGARDIN Charles<span class=\"birthday_age\"> 40 ans<\/span><\/div>' }, { date: \"12\/9\/2026\",title: 'Joyeux anniversaire !', color: \"#000000\", content: '<img src=\"https:\/\/i0.wp.com\/as-surques-escoeuilles.fr\/wp-content\/plugins\/birthdays-widget\/images\/default_user.png?w=150\" data-recalc-dims=\"1\" \/><div class=\"birthday_center birthday_name\">BARON Corenthin<span class=\"birthday_age\"> 26 ans<\/span><\/div>' }, { date: \"14\/9\/2026\",title: 'Joyeux anniversaire !', color: \"#dd9933\", content: '<img src=\"https:\/\/i0.wp.com\/as-surques-escoeuilles.fr\/wp-content\/plugins\/birthdays-widget\/images\/default_user.png?w=150\" data-recalc-dims=\"1\" \/><div class=\"birthday_center birthday_name\">DESOMBRE Olivier<span class=\"birthday_age\"> 52 ans<\/span><\/div>' }, { date: \"18\/9\/2026\",title: 'Joyeux anniversaire !', color: \"#000000\", content: '<img src=\"https:\/\/i0.wp.com\/as-surques-escoeuilles.fr\/wp-content\/plugins\/birthdays-widget\/images\/default_user.png?w=150\" data-recalc-dims=\"1\" \/><div class=\"birthday_center birthday_name\">LANSON Chloe<span class=\"birthday_age\"> 19 ans<\/span><\/div>' }, { date: \"19\/9\/2026\",title: 'Joyeux anniversaire !', color: \"#dd9933\", content: '<img src=\"https:\/\/i0.wp.com\/as-surques-escoeuilles.fr\/wp-content\/plugins\/birthdays-widget\/images\/default_user.png?w=150\" data-recalc-dims=\"1\" \/><div class=\"birthday_center birthday_name\">RINGOT Johvanny<span class=\"birthday_age\"> 21 ans<\/span><\/div>' }, { date: \"23\/9\/2026\",title: 'Joyeux anniversaire !', color: \"#000000\", content: '<img src=\"https:\/\/i0.wp.com\/as-surques-escoeuilles.fr\/wp-content\/plugins\/birthdays-widget\/images\/default_user.png?w=150\" data-recalc-dims=\"1\" \/><div class=\"birthday_center birthday_name\">DALLERY Laurent<span class=\"birthday_age\"> 60 ans<\/span><\/div>' }, { date: \"24\/9\/2026\",title: 'Joyeux anniversaire !', color: \"#dd9933\", content: '<img src=\"https:\/\/i0.wp.com\/as-surques-escoeuilles.fr\/wp-content\/plugins\/birthdays-widget\/images\/default_user.png?w=150\" data-recalc-dims=\"1\" \/><div class=\"birthday_center birthday_name\">SAUVAGE Sebastien<span class=\"birthday_age\"> 46 ans<\/span><\/div>' }, { date: \"27\/9\/2026\",title: 'Joyeux anniversaire !', color: \"#000000\", content: '<img src=\"https:\/\/i0.wp.com\/as-surques-escoeuilles.fr\/wp-content\/plugins\/birthdays-widget\/images\/default_user.png?w=150\" data-recalc-dims=\"1\" \/><div class=\"birthday_center birthday_name\">LUCAS Tom<span class=\"birthday_age\"> 13 ans<\/span><\/div><img src=\"https:\/\/i0.wp.com\/as-surques-escoeuilles.fr\/wp-content\/plugins\/birthdays-widget\/images\/default_user.png?w=150\" data-recalc-dims=\"1\" \/><div class=\"birthday_center birthday_name\">WASSELIN Valentin<span class=\"birthday_age\"> 34 ans<\/span><\/div>' }, { date: \"28\/9\/2026\",title: 'Joyeux anniversaire !', color: \"#dd9933\", content: '<img src=\"https:\/\/i0.wp.com\/as-surques-escoeuilles.fr\/wp-content\/plugins\/birthdays-widget\/images\/default_user.png?w=150\" data-recalc-dims=\"1\" \/><div class=\"birthday_center birthday_name\">GOURMELIN Quentin<span class=\"birthday_age\"> 28 ans<\/span><\/div>' }, { date: \"29\/9\/2026\",title: 'Joyeux anniversaire !', color: \"#000000\", content: '<img src=\"https:\/\/i0.wp.com\/as-surques-escoeuilles.fr\/wp-content\/plugins\/birthdays-widget\/images\/default_user.png?w=150\" data-recalc-dims=\"1\" \/><div class=\"birthday_center birthday_name\">FOURNIER Nolhann<span class=\"birthday_age\"> 17 ans<\/span><\/div>' }, { date: \"1\/10\/2026\",title: 'Joyeux anniversaire !', color: \"#dd9933\", content: '<img src=\"https:\/\/i0.wp.com\/as-surques-escoeuilles.fr\/wp-content\/plugins\/birthdays-widget\/images\/default_user.png?w=150\" data-recalc-dims=\"1\" \/><div class=\"birthday_center birthday_name\">BUTOR Emeline<span class=\"birthday_age\"> 19 ans<\/span><\/div><img src=\"https:\/\/i0.wp.com\/as-surques-escoeuilles.fr\/wp-content\/plugins\/birthdays-widget\/images\/default_user.png?w=150\" data-recalc-dims=\"1\" \/><div class=\"birthday_center birthday_name\">BUTOR Yann<span class=\"birthday_age\"> 19 ans<\/span><\/div>' }, { date: \"2\/10\/2026\",title: 'Joyeux anniversaire !', color: \"#000000\", content: '<img src=\"https:\/\/i0.wp.com\/as-surques-escoeuilles.fr\/wp-content\/plugins\/birthdays-widget\/images\/default_user.png?w=150\" data-recalc-dims=\"1\" \/><div class=\"birthday_center birthday_name\">LELEU Kevin<span class=\"birthday_age\"> 35 ans<\/span><\/div>' }, { date: \"3\/10\/2026\",title: 'Joyeux anniversaire !', color: \"#dd9933\", content: '<img src=\"https:\/\/i0.wp.com\/as-surques-escoeuilles.fr\/wp-content\/plugins\/birthdays-widget\/images\/default_user.png?w=150\" data-recalc-dims=\"1\" \/><div class=\"birthday_center birthday_name\">DESOMBRE Noham<span class=\"birthday_age\"> 19 ans<\/span><\/div>' }, { date: \"4\/10\/2026\",title: 'Joyeux anniversaire !', color: \"#000000\", content: '<img src=\"https:\/\/i0.wp.com\/as-surques-escoeuilles.fr\/wp-content\/plugins\/birthdays-widget\/images\/default_user.png?w=150\" data-recalc-dims=\"1\" \/><div class=\"birthday_center birthday_name\">MERLAND Adrien<span class=\"birthday_age\"> 14 ans<\/span><\/div>' }, { date: \"5\/10\/2026\",title: 'Joyeux anniversaire !', color: \"#dd9933\", content: '<img src=\"https:\/\/i0.wp.com\/as-surques-escoeuilles.fr\/wp-content\/plugins\/birthdays-widget\/images\/default_user.png?w=150\" data-recalc-dims=\"1\" \/><div class=\"birthday_center birthday_name\">DELEGLISE Alizee<span class=\"birthday_age\"> 17 ans<\/span><\/div><img src=\"https:\/\/i0.wp.com\/as-surques-escoeuilles.fr\/wp-content\/plugins\/birthdays-widget\/images\/default_user.png?w=150\" data-recalc-dims=\"1\" \/><div class=\"birthday_center birthday_name\">RAMET Virginie<span class=\"birthday_age\"> 50 ans<\/span><\/div>' }, { date: \"8\/10\/2026\",title: 'Joyeux anniversaire !', color: \"#000000\", content: '<img src=\"https:\/\/i0.wp.com\/as-surques-escoeuilles.fr\/wp-content\/plugins\/birthdays-widget\/images\/default_user.png?w=150\" data-recalc-dims=\"1\" \/><div class=\"birthday_center birthday_name\">DUVIVIER Corentin<span class=\"birthday_age\"> 15 ans<\/span><\/div><img src=\"https:\/\/i0.wp.com\/as-surques-escoeuilles.fr\/wp-content\/plugins\/birthdays-widget\/images\/default_user.png?w=150\" data-recalc-dims=\"1\" \/><div class=\"birthday_center birthday_name\">BERNARD Gabin<span class=\"birthday_age\"> 14 ans<\/span><\/div>' }, { date: \"15\/10\/2026\",title: 'Joyeux anniversaire !', color: \"#dd9933\", content: '<img src=\"https:\/\/i0.wp.com\/as-surques-escoeuilles.fr\/wp-content\/plugins\/birthdays-widget\/images\/default_user.png?w=150\" data-recalc-dims=\"1\" \/><div class=\"birthday_center birthday_name\">HUGON Arthur<span class=\"birthday_age\"> 16 ans<\/span><\/div><img src=\"https:\/\/i0.wp.com\/as-surques-escoeuilles.fr\/wp-content\/plugins\/birthdays-widget\/images\/default_user.png?w=150\" data-recalc-dims=\"1\" \/><div class=\"birthday_center birthday_name\">LELEU Theo<span class=\"birthday_age\"> 25 ans<\/span><\/div>' }, { date: \"16\/10\/2026\",title: 'Joyeux anniversaire !', color: \"#000000\", content: '<img src=\"https:\/\/i0.wp.com\/as-surques-escoeuilles.fr\/wp-content\/plugins\/birthdays-widget\/images\/default_user.png?w=150\" data-recalc-dims=\"1\" \/><div class=\"birthday_center birthday_name\">LANNOY Olivier<span class=\"birthday_age\"> 50 ans<\/span><\/div>' }, { date: \"17\/10\/2026\",title: 'Joyeux anniversaire !', color: \"#dd9933\", content: '<img src=\"https:\/\/i0.wp.com\/as-surques-escoeuilles.fr\/wp-content\/plugins\/birthdays-widget\/images\/default_user.png?w=150\" data-recalc-dims=\"1\" \/><div class=\"birthday_center birthday_name\">DUWIQUET Sullivan<span class=\"birthday_age\"> 22 ans<\/span><\/div>' }, { date: \"18\/10\/2026\",title: 'Joyeux anniversaire !', color: \"#000000\", content: '<img src=\"https:\/\/i0.wp.com\/as-surques-escoeuilles.fr\/wp-content\/plugins\/birthdays-widget\/images\/default_user.png?w=150\" data-recalc-dims=\"1\" \/><div class=\"birthday_center birthday_name\">PINOT Sebastien<span class=\"birthday_age\"> 28 ans<\/span><\/div>' }, { date: \"22\/10\/2026\",title: 'Joyeux anniversaire !', color: \"#dd9933\", content: '<img src=\"https:\/\/i0.wp.com\/as-surques-escoeuilles.fr\/wp-content\/plugins\/birthdays-widget\/images\/default_user.png?w=150\" data-recalc-dims=\"1\" \/><div class=\"birthday_center birthday_name\">MIQUELET David<span class=\"birthday_age\"> 37 ans<\/span><\/div>' }, { date: \"28\/10\/2026\",title: 'Joyeux anniversaire !', color: \"#000000\", content: '<img src=\"https:\/\/i0.wp.com\/as-surques-escoeuilles.fr\/wp-content\/plugins\/birthdays-widget\/images\/default_user.png?w=150\" data-recalc-dims=\"1\" \/><div class=\"birthday_center birthday_name\">SENECAT Thomas<span class=\"birthday_age\"> 18 ans<\/span><\/div>' }, { date: \"30\/10\/2026\",title: 'Joyeux anniversaire !', color: \"#dd9933\", content: '<img src=\"https:\/\/i0.wp.com\/as-surques-escoeuilles.fr\/wp-content\/plugins\/birthdays-widget\/images\/default_user.png?w=150\" data-recalc-dims=\"1\" \/><div class=\"birthday_center birthday_name\">LOISEAU Victor<span class=\"birthday_age\"> 14 ans<\/span><\/div>' }, { date: \"1\/11\/2026\",title: 'Joyeux anniversaire !', color: \"#000000\", content: '<img src=\"https:\/\/i0.wp.com\/as-surques-escoeuilles.fr\/wp-content\/plugins\/birthdays-widget\/images\/default_user.png?w=150\" data-recalc-dims=\"1\" \/><div class=\"birthday_center birthday_name\">MARTEL Boris<span class=\"birthday_age\"> 37 ans<\/span><\/div>' }, { date: \"12\/11\/2026\",title: 'Joyeux anniversaire !', color: \"#dd9933\", content: '<img src=\"https:\/\/i0.wp.com\/as-surques-escoeuilles.fr\/wp-content\/plugins\/birthdays-widget\/images\/default_user.png?w=150\" data-recalc-dims=\"1\" \/><div class=\"birthday_center birthday_name\">LAMARE Julien<span class=\"birthday_age\"> 44 ans<\/span><\/div><img src=\"https:\/\/i0.wp.com\/as-surques-escoeuilles.fr\/wp-content\/plugins\/birthdays-widget\/images\/default_user.png?w=150\" data-recalc-dims=\"1\" \/><div class=\"birthday_center birthday_name\">FOURNIER Nathan<span class=\"birthday_age\"> 19 ans<\/span><\/div>' }, { date: \"14\/11\/2026\",title: 'Joyeux anniversaire !', color: \"#000000\", content: '<img src=\"https:\/\/i0.wp.com\/as-surques-escoeuilles.fr\/wp-content\/plugins\/birthdays-widget\/images\/default_user.png?w=150\" data-recalc-dims=\"1\" \/><div class=\"birthday_center birthday_name\">DUBOIS Thomas<span class=\"birthday_age\"> 20 ans<\/span><\/div><img src=\"https:\/\/i0.wp.com\/as-surques-escoeuilles.fr\/wp-content\/plugins\/birthdays-widget\/images\/default_user.png?w=150\" data-recalc-dims=\"1\" \/><div class=\"birthday_center birthday_name\">WACQUET Quentin<span class=\"birthday_age\"> 13 ans<\/span><\/div>' }, { date: \"15\/11\/2026\",title: 'Joyeux anniversaire !', color: \"#dd9933\", content: '<img src=\"https:\/\/i0.wp.com\/as-surques-escoeuilles.fr\/wp-content\/plugins\/birthdays-widget\/images\/default_user.png?w=150\" data-recalc-dims=\"1\" \/><div class=\"birthday_center birthday_name\">GAY Amandine<span class=\"birthday_age\"> 31 ans<\/span><\/div><img src=\"https:\/\/i0.wp.com\/as-surques-escoeuilles.fr\/wp-content\/plugins\/birthdays-widget\/images\/default_user.png?w=150\" data-recalc-dims=\"1\" \/><div class=\"birthday_center birthday_name\">GAY Amandine<span class=\"birthday_age\"> 31 ans<\/span><\/div>' }, { date: \"21\/11\/2026\",title: 'Joyeux anniversaire !', color: \"#000000\", content: '<img src=\"https:\/\/i0.wp.com\/as-surques-escoeuilles.fr\/wp-content\/plugins\/birthdays-widget\/images\/default_user.png?w=150\" data-recalc-dims=\"1\" \/><div class=\"birthday_center birthday_name\">DELEGLISE Flavie<span class=\"birthday_age\"> 19 ans<\/span><\/div><img src=\"https:\/\/i0.wp.com\/as-surques-escoeuilles.fr\/wp-content\/plugins\/birthdays-widget\/images\/default_user.png?w=150\" data-recalc-dims=\"1\" \/><div class=\"birthday_center birthday_name\">DEGALEZ Baptiste<span class=\"birthday_age\"> 22 ans<\/span><\/div>' }, { date: \"22\/11\/2026\",title: 'Joyeux anniversaire !', color: \"#dd9933\", content: '<img src=\"https:\/\/i0.wp.com\/as-surques-escoeuilles.fr\/wp-content\/plugins\/birthdays-widget\/images\/default_user.png?w=150\" data-recalc-dims=\"1\" \/><div class=\"birthday_center birthday_name\">MERLIN Clement<span class=\"birthday_age\"> 15 ans<\/span><\/div><img src=\"https:\/\/i0.wp.com\/as-surques-escoeuilles.fr\/wp-content\/plugins\/birthdays-widget\/images\/default_user.png?w=150\" data-recalc-dims=\"1\" \/><div class=\"birthday_center birthday_name\">ALLEXANDRE Laurine<span class=\"birthday_age\"> 25 ans<\/span><\/div>' }, { date: \"24\/11\/2026\",title: 'Joyeux anniversaire !', color: \"#000000\", content: '<img src=\"https:\/\/i0.wp.com\/as-surques-escoeuilles.fr\/wp-content\/plugins\/birthdays-widget\/images\/default_user.png?w=150\" data-recalc-dims=\"1\" \/><div class=\"birthday_center birthday_name\">BODART Leo<span class=\"birthday_age\"> 15 ans<\/span><\/div>' }, { date: \"26\/11\/2026\",title: 'Joyeux anniversaire !', color: \"#dd9933\", content: '<img src=\"https:\/\/i0.wp.com\/as-surques-escoeuilles.fr\/wp-content\/plugins\/birthdays-widget\/images\/default_user.png?w=150\" data-recalc-dims=\"1\" \/><div class=\"birthday_center birthday_name\">BERNARD Maeva<span class=\"birthday_age\"> 17 ans<\/span><\/div>' }, { date: \"3\/12\/2026\",title: 'Joyeux anniversaire !', color: \"#000000\", content: '<img src=\"https:\/\/i0.wp.com\/as-surques-escoeuilles.fr\/wp-content\/plugins\/birthdays-widget\/images\/default_user.png?w=150\" data-recalc-dims=\"1\" \/><div class=\"birthday_center birthday_name\">DESOMBRE Pascal<span class=\"birthday_age\"> 60 ans<\/span><\/div>' }, { date: \"5\/12\/2026\",title: 'Joyeux anniversaire !', color: \"#dd9933\", content: '<img src=\"https:\/\/i0.wp.com\/as-surques-escoeuilles.fr\/wp-content\/plugins\/birthdays-widget\/images\/default_user.png?w=150\" data-recalc-dims=\"1\" \/><div class=\"birthday_center birthday_name\">LANNOY Lily<span class=\"birthday_age\"> 19 ans<\/span><\/div>' }, { date: \"7\/12\/2026\",title: 'Joyeux anniversaire !', color: \"#000000\", content: '<img src=\"https:\/\/i0.wp.com\/as-surques-escoeuilles.fr\/wp-content\/plugins\/birthdays-widget\/images\/default_user.png?w=150\" data-recalc-dims=\"1\" \/><div class=\"birthday_center birthday_name\">ROMMEL Francois<span class=\"birthday_age\"> 45 ans<\/span><\/div>' }, { date: \"9\/12\/2026\",title: 'Joyeux anniversaire !', color: \"#dd9933\", content: '<img src=\"https:\/\/i0.wp.com\/as-surques-escoeuilles.fr\/wp-content\/plugins\/birthdays-widget\/images\/default_user.png?w=150\" data-recalc-dims=\"1\" \/><div class=\"birthday_center birthday_name\">FORTIN Pauline<span class=\"birthday_age\"> 41 ans<\/span><\/div>' }, { date: \"13\/12\/2026\",title: 'Joyeux anniversaire !', color: \"#000000\", content: '<img src=\"https:\/\/i0.wp.com\/as-surques-escoeuilles.fr\/wp-content\/plugins\/birthdays-widget\/images\/default_user.png?w=150\" data-recalc-dims=\"1\" \/><div class=\"birthday_center birthday_name\">SAUVAGE Gabriel<span class=\"birthday_age\"> 16 ans<\/span><\/div>' }, { date: \"14\/12\/2026\",title: 'Joyeux anniversaire !', color: \"#dd9933\", content: '<img src=\"https:\/\/i0.wp.com\/as-surques-escoeuilles.fr\/wp-content\/plugins\/birthdays-widget\/images\/default_user.png?w=150\" data-recalc-dims=\"1\" \/><div class=\"birthday_center birthday_name\">FLAHAUT Kevin<span class=\"birthday_age\"> 33 ans<\/span><\/div><img src=\"https:\/\/i0.wp.com\/as-surques-escoeuilles.fr\/wp-content\/plugins\/birthdays-widget\/images\/default_user.png?w=150\" data-recalc-dims=\"1\" \/><div class=\"birthday_center birthday_name\">MEHAUX Timothe<span class=\"birthday_age\"> 40 ans<\/span><\/div>' }, { date: \"16\/12\/2026\",title: 'Joyeux anniversaire !', color: \"#000000\", content: '<img src=\"https:\/\/i0.wp.com\/as-surques-escoeuilles.fr\/wp-content\/plugins\/birthdays-widget\/images\/default_user.png?w=150\" data-recalc-dims=\"1\" \/><div class=\"birthday_center birthday_name\">PRUDHOMME Charlotte<span class=\"birthday_age\"> 41 ans<\/span><\/div>' }, { date: \"17\/12\/2026\",title: 'Joyeux anniversaire !', color: \"#dd9933\", content: '<img src=\"https:\/\/i0.wp.com\/as-surques-escoeuilles.fr\/wp-content\/plugins\/birthdays-widget\/images\/default_user.png?w=150\" data-recalc-dims=\"1\" \/><div class=\"birthday_center birthday_name\">FONTAINE Hugo<span class=\"birthday_age\"> 23 ans<\/span><\/div>' }, { date: \"21\/12\/2026\",title: 'Joyeux anniversaire !', color: \"#000000\", content: '<img src=\"https:\/\/i0.wp.com\/as-surques-escoeuilles.fr\/wp-content\/plugins\/birthdays-widget\/images\/default_user.png?w=150\" data-recalc-dims=\"1\" \/><div class=\"birthday_center birthday_name\">BAY Sebastien<span class=\"birthday_age\"> 50 ans<\/span><\/div><img src=\"https:\/\/i0.wp.com\/as-surques-escoeuilles.fr\/wp-content\/plugins\/birthdays-widget\/images\/default_user.png?w=150\" data-recalc-dims=\"1\" \/><div class=\"birthday_center birthday_name\">SAISON Gauthier<span class=\"birthday_age\"> 28 ans<\/span><\/div>' }, { date: \"30\/12\/2026\",title: 'Joyeux anniversaire !', color: \"#dd9933\", content: '<img src=\"https:\/\/i0.wp.com\/as-surques-escoeuilles.fr\/wp-content\/plugins\/birthdays-widget\/images\/default_user.png?w=150\" data-recalc-dims=\"1\" \/><div class=\"birthday_center birthday_name\">FOUBLE Benjamin<span class=\"birthday_age\"> 30 ans<\/span><\/div>' }, { date: \"31\/12\/2026\",title: 'Joyeux anniversaire !', color: \"#000000\", content: '<img src=\"https:\/\/i0.wp.com\/as-surques-escoeuilles.fr\/wp-content\/plugins\/birthdays-widget\/images\/default_user.png?w=150\" data-recalc-dims=\"1\" \/><div class=\"birthday_center birthday_name\">BRUNET Janelle<span class=\"birthday_age\"> 13 ans<\/span><\/div>' },  ];\r\n                                jQuery( '#birthday_calendar' ).bic_calendar( {\r\n                                    events: events,\r\n                                    dayNames: dayNames,\r\n                                    monthNames: monthNames,\r\n                                    showDays: true,\r\n                                    displayMonthController: true,\r\n                                    displayYearController: false\r\n                                } );\r\n                            jQuery( '#bic_calendar_'+'03_05_2026' ).addClass( 'selection' ); } );<\/script><div id=\"birthday_calendar\"><\/div><\/div>\n","protected":false},"excerpt":{"rendered":"","protected":false},"author":1,"featured_media":275,"parent":0,"menu_order":0,"comment_status":"closed","ping_status":"closed","template":"","meta":{"ngg_post_thumbnail":0,"jetpack_post_was_ever_published":false},"jetpack_sharing_enabled":true,"jetpack_shortlink":"https:\/\/wp.me\/P8dhOI-3H","jetpack-related-posts":[{"id":1527,"url":"https:\/\/as-surques-escoeuilles.fr\/index.php\/boutique\/","url_meta":{"origin":229,"position":0},"title":"Boutique","date":"2 juillet 2018","format":false,"excerpt":"Depuis 2018, l'ASSE s'est associ\u00e9 \u00e0 un \u00e9quipementier pour ouvrir une boutique et proposer \u00e0 ses licenci\u00e9s un ensemble de produits d\u00e9riv\u00e9s aux couleurs du club. Tous les produits pr\u00e9sent\u00e9s incluent le logo du club.\u00a0 Pour une commande : contactez H\u00e9l\u00e8ne au 06-72-25-71-06 \u00a0 \u00a0 \u00a0","rel":"","context":"Article similaire","img":{"alt_text":"","src":"","width":0,"height":0},"classes":[]},{"id":2886,"url":"https:\/\/as-surques-escoeuilles.fr\/index.php\/actions-du-club\/promotion-du-football-feminin\/","url_meta":{"origin":229,"position":1},"title":"Promotion du football F\u00e9minin","date":"14 septembre 2019","format":false,"excerpt":"L' ASSE n'a pas attendu l'essor du foot f\u00e9minin pour permettre aux filles de pratiquer ce sport. Depuis de nombreuses ann\u00e9es, les filles sont int\u00e9gr\u00e9es \u00e0 toutes les cat\u00e9gories, jusqu'aux dirigeantes. Depuis 2018, le club a pass\u00e9 un palier avec la cr\u00e9ation d'\u00e9quipes 100% f\u00e9minines (U13 et S\u00e9niors), ainsi que\u2026","rel":"","context":"Article similaire","img":{"alt_text":"","src":"https:\/\/i0.wp.com\/as-surques-escoeuilles.fr\/wp-content\/uploads\/2019\/09\/IMG_20190905_193908.jpg?resize=350%2C200&ssl=1","width":350,"height":200},"classes":[]},{"id":2355,"url":"https:\/\/as-surques-escoeuilles.fr\/index.php\/actions-du-club\/programme-educatif-federal\/","url_meta":{"origin":229,"position":2},"title":"Programme educatif federal","date":"13 f\u00e9vrier 2019","format":false,"excerpt":"L' ASSE est engag\u00e9 depuis de nombreuses ann\u00e9es dans le Programme Educatif F\u00e9d\u00e9ral, autour de 6 th\u00e8mes : Sant\u00e9Septembre 2019 : \"Faire son sac pour les U6\/U7\" Engagement citoyenD\u00e9cembre 2019 : Collecte de dons pour les restos du coeurEnvironnement Octobre 2019 : U9 : tri des d\u00e9chets Septembre 2019 :\u2026","rel":"","context":"Dans &quot;Non class\u00e9&quot;","img":{"alt_text":"","src":"","width":0,"height":0},"classes":[]},{"id":2725,"url":"https:\/\/as-surques-escoeuilles.fr\/index.php\/asse-on-tour\/","url_meta":{"origin":229,"position":3},"title":"Asse On Tour","date":"3 juillet 2019","format":false,"excerpt":"Retrouvez nos Orange et Noir \u00e0 travers la France, l'Europe ...le Monde !","rel":"","context":"Article similaire","img":{"alt_text":"","src":"","width":0,"height":0},"classes":[]},{"id":67,"url":"https:\/\/as-surques-escoeuilles.fr\/index.php\/vie-du-club\/","url_meta":{"origin":229,"position":4},"title":"Vie du Club","date":"17 d\u00e9cembre 2016","format":false,"excerpt":"L' ASSE est pr\u00e9sid\u00e9e depuis juin 2016 par Philippe HAVART. Les vices-pr\u00e9sidents sont Jean-Philippe LEFEBVRE et Olivier DESOMBRE. Avec l'aide d'une trentaine de b\u00e9n\u00e9voles, l'association permet \u00e0 ses 250 licenci\u00e9s de s'\u00e9panouir sur les terrains chaque semaine. Vous souhaitez nous contacter pour plus de renseignements ? N'h\u00e9sitez pas !","rel":"","context":"Dans &quot;Non class\u00e9&quot;","img":{"alt_text":"","src":"","width":0,"height":0},"classes":[]},{"id":132,"url":"https:\/\/as-surques-escoeuilles.fr\/index.php\/vie-du-club\/organigramme\/","url_meta":{"origin":229,"position":5},"title":"Organigramme","date":"19 d\u00e9cembre 2016","format":false,"excerpt":"L' ASSE est pr\u00e9sid\u00e9e depuis juin 2016 par Philippe HAVART. Les vices-pr\u00e9sidents sont Jean-Philippe LEFEBVRE et Olivier DESOMBRE.Avec l'aide d'une trentaine de b\u00e9n\u00e9voles, l'association permet \u00e0 ses 250 licenci\u00e9s de s'\u00e9panouir sur les terrains chaque semaine. Le club fonctionne de mani\u00e8re coll\u00e9giale par une r\u00e9partition des t\u00e2ches en plusieurs commissions\u2026","rel":"","context":"Article similaire","img":{"alt_text":"","src":"","width":0,"height":0},"classes":[]}],"_links":{"self":[{"href":"https:\/\/as-surques-escoeuilles.fr\/index.php\/wp-json\/wp\/v2\/pages\/229"}],"collection":[{"href":"https:\/\/as-surques-escoeuilles.fr\/index.php\/wp-json\/wp\/v2\/pages"}],"about":[{"href":"https:\/\/as-surques-escoeuilles.fr\/index.php\/wp-json\/wp\/v2\/types\/page"}],"author":[{"embeddable":true,"href":"https:\/\/as-surques-escoeuilles.fr\/index.php\/wp-json\/wp\/v2\/users\/1"}],"replies":[{"embeddable":true,"href":"https:\/\/as-surques-escoeuilles.fr\/index.php\/wp-json\/wp\/v2\/comments?post=229"}],"version-history":[{"count":0,"href":"https:\/\/as-surques-escoeuilles.fr\/index.php\/wp-json\/wp\/v2\/pages\/229\/revisions"}],"wp:featuredmedia":[{"embeddable":true,"href":"https:\/\/as-surques-escoeuilles.fr\/index.php\/wp-json\/wp\/v2\/media\/275"}],"wp:attachment":[{"href":"https:\/\/as-surques-escoeuilles.fr\/index.php\/wp-json\/wp\/v2\/media?parent=229"}],"curies":[{"name":"wp","href":"https:\/\/api.w.org\/{rel}","templated":true}]}}